{"id":257827,"date":"2022-06-01T09:15:15","date_gmt":"2022-06-01T09:15:15","guid":{"rendered":"https:\/\/carcostadvisor.com\/politique-de-protection\/"},"modified":"2022-06-01T09:15:16","modified_gmt":"2022-06-01T09:15:16","slug":"politique-de-protection","status":"publish","type":"page","link":"https:\/\/carcostadvisor.com\/fr\/politique-de-protection\/","title":{"rendered":"Politique de protection"},"content":{"rendered":"<p>[et_pb_section fb_built=\u00a0\u00bb1&Prime; admin_label=\u00a0\u00bbHeader\u00a0\u00bb _builder_version=\u00a0\u00bb4.6.6&Prime; background_color=\u00a0\u00bb#2d2d2d\u00a0\u00bb background_image=\u00a0\u00bbhttps:\/\/carcostadvisor.com\/wp-content\/uploads\/2020\/01\/CCA-header-1.png\u00a0\u00bb background_position=\u00a0\u00bbtop_center\u00a0\u00bb background_blend=\u00a0\u00bboverlay\u00a0\u00bb overflow-x=\u00a0\u00bbhidden\u00a0\u00bb overflow-y=\u00a0\u00bbhidden\u00a0\u00bb custom_padding=\u00a0\u00bb6vw||6vw||true|false\u00a0\u00bb locked=\u00a0\u00bboff\u00a0\u00bb global_colors_info=\u00a0\u00bb{}\u00a0\u00bb][et_pb_row _builder_version=\u00a0\u00bb3.25.1&Prime; z_index=\u00a0\u00bb1&Prime; custom_margin=\u00a0\u00bb|auto|15px|auto||\u00a0\u00bb global_colors_info=\u00a0\u00bb{}\u00a0\u00bb][et_pb_column type=\u00a0\u00bb4_4&Prime; _builder_version=\u00a0\u00bb3.25.1&Prime; global_colors_info=\u00a0\u00bb{}\u00a0\u00bb][et_pb_text _builder_version=\u00a0\u00bb4.14.8&Prime; text_font=\u00a0\u00bb||||||||\u00a0\u00bb text_text_color=\u00a0\u00bb#ffffff\u00a0\u00bb text_font_size=\u00a0\u00bb17px\u00a0\u00bb header_font=\u00a0\u00bb|300|||||||\u00a0\u00bb header_text_align=\u00a0\u00bbleft\u00a0\u00bb header_text_color=\u00a0\u00bb#ffffff\u00a0\u00bb header_font_size=\u00a0\u00bb57px\u00a0\u00bb header_line_height=\u00a0\u00bb1.4em\u00a0\u00bb header_2_font=\u00a0\u00bb|300|||||||\u00a0\u00bb header_2_text_align=\u00a0\u00bbleft\u00a0\u00bb header_2_text_color=\u00a0\u00bb#ffffff\u00a0\u00bb header_2_font_size=\u00a0\u00bb32px\u00a0\u00bb header_2_line_height=\u00a0\u00bb1.6em\u00a0\u00bb background_layout=\u00a0\u00bbdark\u00a0\u00bb custom_margin=\u00a0\u00bb||17px|||\u00a0\u00bb header_font_size_tablet=\u00a0\u00bb54px\u00a0\u00bb header_font_size_phone=\u00a0\u00bb32px\u00a0\u00bb header_font_size_last_edited=\u00a0\u00bbon|desktop\u00a0\u00bb header_2_font_size_tablet=\u00a0\u00bb\u00a0\u00bb header_2_font_size_phone=\u00a0\u00bb23px\u00a0\u00bb header_2_font_size_last_edited=\u00a0\u00bbon|phone\u00a0\u00bb dsm_modules_popup=\u00a0\u00bbon\u00a0\u00bb dsm_modules_popup_library=\u00a0\u00bb257610&Prime; dsm_modules_popup_trigger=\u00a0\u00bbonload\u00a0\u00bb dsm_modules_popup_position=\u00a0\u00bbbottom-left\u00a0\u00bb dsm_modules_popup_width=\u00a0\u00bb400px\u00a0\u00bb dsm_modules_overlay=\u00a0\u00bboff\u00a0\u00bb dsm_modules_close_icon_color=\u00a0\u00bb#2daeda\u00a0\u00bb locked=\u00a0\u00bboff\u00a0\u00bb global_colors_info=\u00a0\u00bb{}\u00a0\u00bb]<\/p>\n<h1><strong>Politique de protection<\/strong><\/h1>\n<p>[\/et_pb_text][\/et_pb_column][\/et_pb_row][\/et_pb_section][et_pb_section fb_built=\u00a0\u00bb1&Prime; admin_label=\u00a0\u00bbServices\u00a0\u00bb module_id=\u00a0\u00bbwhy\u00a0\u00bb _builder_version=\u00a0\u00bb4.6.6&Prime; background_color=\u00a0\u00bbrgba(0,0,0,0)\u00a0\u00bb background_enable_image=\u00a0\u00bboff\u00a0\u00bb custom_padding=\u00a0\u00bb10px|0px|56px|0px|false|false\u00a0\u00bb global_colors_info=\u00a0\u00bb{}\u00a0\u00bb][et_pb_row custom_padding_last_edited=\u00a0\u00bboff|desktop\u00a0\u00bb _builder_version=\u00a0\u00bb4.6.6&Prime; custom_margin=\u00a0\u00bb-8px|auto|2px|auto||\u00a0\u00bb custom_padding=\u00a0\u00bb6px|0px|3px|0px|false|false\u00a0\u00bb custom_padding_tablet=\u00a0\u00bb40px||90px|\u00a0\u00bb custom_padding_phone=\u00a0\u00bb|||\u00a0\u00bb global_colors_info=\u00a0\u00bb{}\u00a0\u00bb][et_pb_column type=\u00a0\u00bb4_4&Prime; _builder_version=\u00a0\u00bb3.25&Prime; custom_padding=\u00a0\u00bb|||\u00a0\u00bb global_colors_info=\u00a0\u00bb{}\u00a0\u00bb custom_padding__hover=\u00a0\u00bb|||\u00a0\u00bb][et_pb_image src=\u00a0\u00bbhttps:\/\/carcostadvisor.com\/wp-content\/uploads\/2020\/10\/CCA-Small.png\u00a0\u00bb title_text=\u00a0\u00bbCCA Small\u00a0\u00bb align=\u00a0\u00bbcenter\u00a0\u00bb _builder_version=\u00a0\u00bb4.6.6&Prime; _module_preset=\u00a0\u00bbdefault\u00a0\u00bb z_index=\u00a0\u00bb239&Prime; width_tablet=\u00a0\u00bb\u00a0\u00bb width_phone=\u00a0\u00bb23%\u00a0\u00bb width_last_edited=\u00a0\u00bbon|phone\u00a0\u00bb custom_margin=\u00a0\u00bb-55px||||false|false\u00a0\u00bb custom_margin_tablet=\u00a0\u00bb\u00a0\u00bb custom_margin_phone=\u00a0\u00bb-40px||||false|false\u00a0\u00bb custom_margin_last_edited=\u00a0\u00bbon|phone\u00a0\u00bb scroll_rotating=\u00a0\u00bb0|50|50|100|90|0|0\u00b0\u00a0\u00bb global_colors_info=\u00a0\u00bb{}\u00a0\u00bb][\/et_pb_image][et_pb_divider color=\u00a0\u00bb#2a4285&Prime; divider_weight=\u00a0\u00bb3px\u00a0\u00bb _builder_version=\u00a0\u00bb4.0.9&Prime; max_width=\u00a0\u00bb100px\u00a0\u00bb custom_margin=\u00a0\u00bb||0px|\u00a0\u00bb global_colors_info=\u00a0\u00bb{}\u00a0\u00bb][\/et_pb_divider][et_pb_text admin_label=\u00a0\u00bbCTA Text\u00a0\u00bb _builder_version=\u00a0\u00bb4.14.8&Prime; text_font=\u00a0\u00bb||||||||\u00a0\u00bb text_font_size=\u00a0\u00bb18px\u00a0\u00bb text_line_height=\u00a0\u00bb2em\u00a0\u00bb header_font=\u00a0\u00bb||||||||\u00a0\u00bb header_2_font=\u00a0\u00bb||||||||\u00a0\u00bb header_2_font_size=\u00a0\u00bb40px\u00a0\u00bb header_2_line_height=\u00a0\u00bb1.5em\u00a0\u00bb header_3_font=\u00a0\u00bb||||||||\u00a0\u00bb module_alignment=\u00a0\u00bbright\u00a0\u00bb custom_margin=\u00a0\u00bb|||\u00a0\u00bb custom_padding=\u00a0\u00bb|||\u00a0\u00bb text_font_size_tablet=\u00a0\u00bb16px\u00a0\u00bb text_font_size_phone=\u00a0\u00bb14px\u00a0\u00bb text_font_size_last_edited=\u00a0\u00bbon|phone\u00a0\u00bb header_2_font_size_tablet=\u00a0\u00bb\u00a0\u00bb header_2_font_size_phone=\u00a0\u00bb30px\u00a0\u00bb header_2_font_size_last_edited=\u00a0\u00bbon|phone\u00a0\u00bb global_colors_info=\u00a0\u00bb{}\u00a0\u00bb]<span style=\"font-weight: 400;\">Cette politique s&rsquo;applique aux donn\u00e9es personnelles que nous traitons \u00e0 votre sujet en tant que personne physique lorsque vous utilisez nos services et\/ou nos produits ou lorsque vous visitez notre site internet. Cette politique ne s&rsquo;applique pas si nous traitons des donn\u00e9es anonymes ou commerciales.\u00a0<\/span><\/p>\n<p><span style=\"font-weight: 400;\">Nous sommes EuroFleet Consult NV\/SA avec si\u00e8ge social \u00e0 1800 Vilvoorde (Belgium), Schaarbeeklei 613, RPR\/RPM Bruxelles (num\u00e9ro d\u2019entreprise 0473.468.183). Nous sommes le \u00ab\u00a0responsable du traitement\u00a0\u00bb pour le traitement de vos donn\u00e9es personnelles.<\/span><\/p>\n<p><span style=\"font-weight: 400;\">Nous traitons vos donn\u00e9es personnelles aux fins suivantes :<\/span><\/p>\n<ul>\n<li style=\"font-weight: 400;\" aria-level=\"1\"><span style=\"font-weight: 400;\">Lorsque vous surfez sur notre site internet:\u00a0<\/span>\n<ul>\n<li style=\"font-weight: 400;\" aria-level=\"2\"><span style=\"font-weight: 400;\">Nous traitons les informations concernant votre appareil et l&rsquo;utilisation que vous faites de notre site internet \u00e0 des fins de s\u00e9curit\u00e9, de gestion et d&rsquo; am\u00e9lioration de notre site internet et de marketing.<\/span><\/li>\n<\/ul>\n<\/li>\n<\/ul>\n<ul>\n<li style=\"font-weight: 400;\" aria-level=\"1\"><span style=\"font-weight: 400;\">Lorsque vous \u00eates client de nos produits ou services :\u00a0<\/span>\n<ul>\n<li style=\"font-weight: 400;\" aria-level=\"2\"><span style=\"font-weight: 400;\">Nous traitons vos donn\u00e9es personnelles pour la gestion des clients.<\/span><\/li>\n<li style=\"font-weight: 400;\" aria-level=\"2\"><span style=\"font-weight: 400;\">Nous traitons vos donn\u00e9es personnelles pour la gestion des sinistres<\/span><\/li>\n<li style=\"font-weight: 400;\" aria-level=\"2\"><span style=\"font-weight: 400;\">Nous traitons vos donn\u00e9es personnelles pour la pr\u00e9vention de la fraude<\/span><\/li>\n<li style=\"font-weight: 400;\" aria-level=\"2\"><span style=\"font-weight: 400;\">Nous traitons vos donn\u00e9es personnelles \u00e0 des fins de recherche et de d\u00e9veloppement. Cela peut inclure l&rsquo;\u00e9tablissement d&rsquo;un profil.<\/span><\/li>\n<\/ul>\n<\/li>\n<\/ul>\n<p><span style=\"font-weight: 400;\">Vous pouvez exercer les droits suivants, dans les conditions pr\u00e9vues par la l\u00e9gislation applicable:<\/span><\/p>\n<ul>\n<li style=\"font-weight: 400;\" aria-level=\"1\"><span style=\"font-weight: 400;\">le retrait de votre consentement au traitement de vos donn\u00e9es personnelles, dans la mesure o\u00f9 le traitement de vos donn\u00e9es personnelles \u00e9tait initialement bas\u00e9 sur votre consentement.\u00a0<\/span><\/li>\n<li style=\"font-weight: 400;\" aria-level=\"1\"><span style=\"font-weight: 400;\">demander l&rsquo;acc\u00e8s, la rectification, la suppression ou la restriction de vos donn\u00e9es personnelles.\u00a0<\/span><\/li>\n<li style=\"font-weight: 400;\" aria-level=\"1\"><span style=\"font-weight: 400;\">s&rsquo;opposer \u00e0 tout traitement \u00e0 des fins de marketing directe.<\/span><\/li>\n<li style=\"font-weight: 400;\" aria-level=\"1\"><span style=\"font-weight: 400;\">s&rsquo;opposer \u00e0 tout traitement fond\u00e9 sur notre int\u00e9r\u00eat l\u00e9gitime.<\/span><\/li>\n<li style=\"font-weight: 400;\" aria-level=\"1\"><span style=\"font-weight: 400;\">demander la portabilit\u00e9 de vos donn\u00e9es personnelles que vous nous avez communiqu\u00e9es et que nous avons trait\u00e9es sur la base de l&rsquo;ex\u00e9cution du contrat auquel vous \u00eates partie.<\/span><\/li>\n<li style=\"font-weight: 400;\" aria-level=\"1\"><span style=\"font-weight: 400;\">d\u00e9poser une plainte aupr\u00e8s de l&rsquo;autorit\u00e9 de contr\u00f4le de l&rsquo;\u00c9tat membre europ\u00e9en de votre r\u00e9sidence habituelle, de votre lieu de travail ou de la violation all\u00e9gu\u00e9e de la l\u00e9gislation applicable en mati\u00e8re de protection des donn\u00e9es.<\/span><\/li>\n<\/ul>\n<p><span style=\"font-weight: 400;\">Si vous souhaitez en savoir plus sur la mani\u00e8re dont nous traitons vos donn\u00e9es personnelles lorsque vous utilisez nos services et\/ou produits, visitez notre site internet, vous pouvez lire notre politique de protection des donn\u00e9es compl\u00e8te ci-dessous.\u00a0<\/span><\/p>\n<p><b>Qui traite vos donn\u00e9es personnelles ?<br \/>\n<\/b><span style=\"font-weight: 400;\">Nous sommes EuroFleet Consult NV\/SA avec si\u00e8ge social \u00e0 1800 Vilvoorde (Belgium), Schaarbeeklei 613, RPR\/RPM Bruxelles (num\u00e9ro de soci\u00e9t\u00e9 0473.468.183).\u00a0<\/span><\/p>\n<p><span style=\"font-weight: 400;\">Nous sommes le\u00a0\u00bbresponsable du traitement\u00a0\u00bb pour le traitement de vos donn\u00e9es personnelles.<\/span><\/p>\n<p><b>Coordonn\u00e9es de notre d\u00e9l\u00e9gu\u00e9 \u00e0 la protection des donn\u00e9es<br \/>\n<\/b><span style=\"font-weight: 400;\">Nous avons un d\u00e9l\u00e9gu\u00e9 \u00e0 la protection des donn\u00e9es que vous pouvez contacter :\u00a0<\/span><\/p>\n<ul>\n<li style=\"font-weight: 400;\" aria-level=\"1\"><span style=\"font-weight: 400;\">par la poste : Schaarbeeklei 613, 1800 Vilvoorde (Belgium) ;<\/span><\/li>\n<li style=\"font-weight: 400;\" aria-level=\"1\"><span style=\"font-weight: 400;\">par t\u00e9l\u00e9phone : 02\u00a0709 54 40 ;<\/span><\/li>\n<li style=\"font-weight: 400;\" aria-level=\"1\"><span style=\"font-weight: 400;\">par courrier \u00e9lectronique : info@eurofleet-consult.com.<\/span><\/li>\n<\/ul>\n<p><b>Qu&rsquo;attendons-nous de vous ?<br \/>\n<\/b><span style=\"font-weight: 400;\">Nous attendons de vous que vous nous communiquiez uniquement des donn\u00e9es personnelles vous concernant. Si vous nous communiquez \u00e9galement des donn\u00e9es personnelles concernant d&rsquo;autres personnes, vous devez vous assurer que vous avez le droit de le faire.\u00a0<\/span><\/p>\n<p><span style=\"font-weight: 400;\">Nous nous attendons \u00e9galement \u00e0 ce que les donn\u00e9es personnelles que vous nous communiquez soient correctes et que, si des donn\u00e9es personnelles sp\u00e9cifiques changent, vous nous informiez rapidement de ce changement.\u00a0<\/span><\/p>\n<p><b>Pourquoi traitons-nous vos donn\u00e9es personnelles ?<br \/>\n<\/b><span style=\"font-weight: 400;\">Les finalit\u00e9s pour lesquelles nous traitons vos donn\u00e9es personnelles d\u00e9pendent de la mani\u00e8re dont vous entrez en contact avec nous.<\/span><\/p>\n<p><span style=\"text-decoration: underline;\"><i><span style=\"font-weight: 400;\">Vous surfez sur notre site internet<br \/>\n<\/span><\/i><\/span><span style=\"font-weight: 400;\">Nous traitons les informations relatives \u00e0 votre appareil et \u00e0 l&rsquo;utilisation que vous faites de notre site internet, \u00e0 des fins de s\u00e9curit\u00e9 (r\u00e9seau) (par exemple pour \u00e9viter les cyberattaques), pour la gestion de notre site internet (par exemple pour vous permettre d&rsquo;y acc\u00e9der depuis votre appareil et de m\u00e9moriser vos choix), pour mieux comprendre vos besoins et pour am\u00e9liorer constamment notre site. Ce traitement est fond\u00e9 sur notre int\u00e9r\u00eat l\u00e9gitime. Il est dans notre int\u00e9r\u00eat et dans le v\u00f4tre d&rsquo;accro\u00eetre l&rsquo;efficacit\u00e9 de notre site internet et d&rsquo;optimiser nos produits et services. Nous vous renvoyons \u00e0 notre politique concernant les cookies\/outils de suivi\/plugins sociaux pour plus d&rsquo;informations \u00e0 ce sujet.\u00a0<\/span><\/p>\n<p><span style=\"text-decoration: underline;\"><i><span style=\"font-weight: 400;\">Vous nous contactez (par exemple en remplissant un formulaire sur notre site internet, en nous envoyant un e-mail)<br \/>\n<\/span><\/i><\/span><span style=\"font-weight: 400;\">Nous traitons vos donn\u00e9es personnelles afin de r\u00e9pondre et de g\u00e9rer votre demande (par exemple, demande d&rsquo;information, incident avec l&rsquo;application web Car Cost Advisor). Ce traitement est bas\u00e9 sur votre consentement.<\/span><\/p>\n<p><span style=\"text-decoration: underline;\"><i><span style=\"font-weight: 400;\">Vous achetez nos produits ou services<br \/>\n<\/span><\/i><\/span><span style=\"font-weight: 400;\">Nous traitons vos donn\u00e9es personnelles pour la gestion de la client\u00e8le, en fonction de l&rsquo;ex\u00e9cution du contrat auquel vous \u00eates partie. Sans vos donn\u00e9es personnelles, nous ne pouvons pas ex\u00e9cuter ce contrat.\u00a0<\/span><\/p>\n<p><span style=\"font-weight: 400;\">Nous traitons vos donn\u00e9es personnelles pour la gestion des sinistres, en fonction de notre int\u00e9r\u00eat l\u00e9gitime. Il est dans notre int\u00e9r\u00eat de nous prot\u00e9ger contre les dommages mat\u00e9riels et immat\u00e9riels. La communication de vos donn\u00e9es personnelles \u00e0 cette fin n&rsquo;est pas obligatoire et vous pouvez vous opposer \u00e0 ce traitement (voir &lsquo;Quels sont vos droits&rsquo;).<\/span><\/p>\n<p><span style=\"font-weight: 400;\">Nous traitons vos donn\u00e9es personnelles pour le marketing direct de nos produits et services, en fonction de nos int\u00e9r\u00eats l\u00e9gitimes. Nous croyons qu&rsquo;il est important de vous tenir au courant, en tant que client, de nos produits et services. Ce traitement implique l&rsquo;\u00e9tablissement d&rsquo;un profil. Ce profil n&rsquo;a aucun effet sur vous, sauf dans la mesure o\u00f9 cette activit\u00e9 de traitement pourrait mener \u00e0 l&rsquo;am\u00e9lioration de l&rsquo;exp\u00e9rience client et \u00e0 des offres personnalis\u00e9es, ce qui constitue un avantage pour vous. La communication de vos donn\u00e9es personnelles \u00e0 cette fin n&rsquo;est pas obligatoire et vous pouvez vous opposer \u00e0 ce traitement (voir &lsquo;Quels sont vos droits&rsquo;).<\/span><\/p>\n<p><span style=\"font-weight: 400;\">Nous traitons vos donn\u00e9es personnelles pour la pr\u00e9vention de la fraude, en fonction de notre int\u00e9r\u00eat l\u00e9gitime. Il est dans notre int\u00e9r\u00eat de nous prot\u00e9ger contre les dommages mat\u00e9riels et immat\u00e9riels et de pr\u00e9venir les activit\u00e9s ill\u00e9gales et les abus de nos produits\/services\/ressources.\u00a0<\/span><\/p>\n<p><span style=\"font-weight: 400;\">Nous pouvons agr\u00e9ger vos donn\u00e9es personnelles et traiter ces donn\u00e9es agr\u00e9g\u00e9es \u00e0 des fins de recherche et de d\u00e9veloppement, en fonction de nos int\u00e9r\u00eats l\u00e9gitimes (par exemple, statistiques sur les ventes, analyse de march\u00e9, d\u00e9veloppement de produits et services). Nous croyons que la recherche et le d\u00e9veloppement peuvent mener \u00e0 l&rsquo;am\u00e9lioration de l&rsquo;exp\u00e9rience client et \u00e0 l&rsquo;am\u00e9lioration et \u00e0 l&rsquo;innovation de nos produits et services, ce qui aidera les personnes concern\u00e9es par nos produits et services. Ce traitement peut impliquer l&rsquo;\u00e9tablissement d&rsquo;un profil. Ce profilage n&rsquo;a aucun effet sur vous, sauf dans la mesure o\u00f9 cette activit\u00e9 de traitement pourrait mener \u00e0 l&rsquo;am\u00e9lioration de l&rsquo;exp\u00e9rience client, \u00e0 l&rsquo;am\u00e9lioration et \u00e0 l&rsquo;innovation de nos produits\/services, ce qui constitue un avantage pour vous. La communication de vos donn\u00e9es personnelles \u00e0 cette fin n&rsquo;est pas obligatoire et vous pouvez vous opposer \u00e0 ce traitement (voir &lsquo;Quels sont vos droits&rsquo;).<\/span><\/p>\n<p><b>Avec qui partageons-nous vos donn\u00e9es personnelles ?<br \/>\n<\/b><span style=\"font-weight: 400;\">Nous ne transf\u00e9rons pas vos donn\u00e9es personnelles.<\/span><\/p>\n<p><b>Vos donn\u00e9es personnelles sont-elles transf\u00e9r\u00e9es en dehors de l&rsquo;Union europ\u00e9enne ?<br \/>\n<\/b><span style=\"font-weight: 400;\">Nous ne transf\u00e9rons pas vos donn\u00e9es personnelles vers des pays en dehors de l&rsquo;Union europ\u00e9enne.\u00a0<\/span><\/p>\n<p><b>Pendant combien de temps vos donn\u00e9es personnelles sont-elles conserv\u00e9es?<br \/>\n<\/b><span style=\"font-weight: 400;\">Vos donn\u00e9es personnelles sont conserv\u00e9es aussi longtemps que vous \u00eates en contact avec nous (par exemple, vous demandez des informations, utilisez les services sur le site internet et continuez \u00e0 avoir un login enregistr\u00e9) et jusqu&rsquo;\u00e0 10 ans apr\u00e8s la fin de cette relation.<\/span><\/p>\n<p><b>Quels sont vos droits ?<br \/>\n<\/b><span style=\"font-weight: 400;\">Vous pouvez nous contacter pour exercer les droits suivants, dans les conditions pr\u00e9vues par la l\u00e9gislation en vigueur :\u00a0<\/span><\/p>\n<ul>\n<li style=\"font-weight: 400;\" aria-level=\"1\"><span style=\"font-weight: 400;\">Vous avez le droit de retirer votre consentement au traitement de vos donn\u00e9es personnelles, dans la mesure o\u00f9 le traitement de vos donn\u00e9es personnelles \u00e9tait initialement bas\u00e9 sur votre consentement. Le retrait de votre consentement n&rsquo;affecte pas la lic\u00e9it\u00e9 du traitement fond\u00e9 sur le consentement avant son retrait.\u00a0<\/span><\/li>\n<li style=\"font-weight: 400;\" aria-level=\"1\"><span style=\"font-weight: 400;\">Vous avez le droit d&rsquo;obtenir de notre part la confirmation que nous traitons ou non vos donn\u00e9es personnelles et, le cas \u00e9ch\u00e9ant, vous avez le droit d&rsquo;obtenir une copie des donn\u00e9es personnelles faisant l&rsquo;objet du traitement.\u00a0<\/span><\/li>\n<li style=\"font-weight: 400;\" aria-level=\"1\"><span style=\"font-weight: 400;\">Vous avez le droit d&rsquo;obtenir la rectification de donn\u00e9es personnelles inexactes.\u00a0<\/span><\/li>\n<li style=\"font-weight: 400;\" aria-level=\"1\"><span style=\"font-weight: 400;\">Vous avez le droit de faire compl\u00e9ter des donn\u00e9es personnelles incompl\u00e8tes.\u00a0<\/span><\/li>\n<li style=\"font-weight: 400;\" aria-level=\"1\"><span style=\"font-weight: 400;\">Vous avez le droit d&rsquo;effacer vos donn\u00e9es personnelles si l&rsquo;un des motifs suivants s&rsquo;applique:<\/span><\/li>\n<li style=\"font-weight: 400;\" aria-level=\"1\"><span style=\"font-weight: 400;\">Vos donn\u00e9es personnelles ne sont plus n\u00e9cessaires au regard des finalit\u00e9s pour lesquelles elles ont \u00e9t\u00e9 collect\u00e9es ou trait\u00e9es; <\/span><\/li>\n<li style=\"font-weight: 400;\" aria-level=\"1\"><span style=\"font-weight: 400;\">V<\/span><span style=\"font-weight: 400;\">ous vous \u00eates oppos\u00e9 au traitement \u00e0 des fins de marketing direct;<\/span><\/li>\n<li style=\"font-weight: 400;\" aria-level=\"1\"><span style=\"font-weight: 400;\">Vous vous \u00eates oppos\u00e9 au traitement qui est fond\u00e9 sur notre int\u00e9r\u00eat l\u00e9gitime et nous n&rsquo;avons aucune raison imp\u00e9rieuse l\u00e9gitime de continuer le traitement de vos donn\u00e9es personnelles;\u00a0<\/span><\/li>\n<li style=\"font-weight: 400;\" aria-level=\"1\"><span style=\"font-weight: 400;\">Nous traitons vos donn\u00e9es personnelles de mani\u00e8re illicite;\u00a0<\/span><\/li>\n<li style=\"font-weight: 400;\" aria-level=\"1\"><span style=\"font-weight: 400;\">Vos donn\u00e9es personnelles doivent \u00eatre effac\u00e9es pour respecter une obligation l\u00e9gale.<\/span><\/li>\n<\/ul>\n<p><span style=\"font-weight: 400;\">Nous ne sommes pas tenus de donner suite \u00e0 votre demande d&rsquo;effacement dans les cas suivants:<\/span><\/p>\n<ul>\n<li style=\"font-weight: 400;\" aria-level=\"2\"><span style=\"font-weight: 400;\">Le traitement de vos donn\u00e9es personnelles est n\u00e9cessaire \u00e0 l&rsquo;exercice de notre droit \u00e0 la libert\u00e9 d&rsquo;expression et d&rsquo;information;\u00a0<\/span><\/li>\n<li style=\"font-weight: 400;\" aria-level=\"2\"><span style=\"font-weight: 400;\">Nous avons une obligation l\u00e9gale qui exige le traitement de vos donn\u00e9es personnelles;\u00a0<\/span><\/li>\n<li style=\"font-weight: 400;\" aria-level=\"2\"><span style=\"font-weight: 400;\">Le traitement est n\u00e9cessaire pour l&rsquo;\u00e9tablissement, l&rsquo;exercice ou la d\u00e9fense de droits l\u00e9gaux.\u00a0<\/span><\/li>\n<\/ul>\n<ul>\n<li style=\"font-weight: 400;\" aria-level=\"1\"><span style=\"font-weight: 400;\">Vous avez le droit d&rsquo;obtenir une restriction du traitement:\u00a0<\/span><\/li>\n<\/ul>\n<ul>\n<li style=\"font-weight: 400;\" aria-level=\"2\"><span style=\"font-weight: 400;\">Si vous contestez l&rsquo;exactitude de vos donn\u00e9es personnelles, nous devons v\u00e9rifier l&rsquo;exactitude de vos donn\u00e9es personnelles pendant cette p\u00e9riode.\u00a0<\/span><\/li>\n<li style=\"font-weight: 400;\" aria-level=\"2\"><span style=\"font-weight: 400;\">Si nous traitons vos donn\u00e9es personnelles ill\u00e9galement, au lieu de l&rsquo;effacement de vos donn\u00e9es personnelles.<\/span><\/li>\n<li style=\"font-weight: 400;\" aria-level=\"2\"><span style=\"font-weight: 400;\">Si nous n&rsquo;avons plus besoin de vos donn\u00e9es personnelles, mais que vous en avez besoin pour l&rsquo;\u00e9tablissement, l&rsquo;exercice ou la d\u00e9fense de droits l\u00e9gaux.<\/span><\/li>\n<li style=\"font-weight: 400;\" aria-level=\"2\"><span style=\"font-weight: 400;\">Si vous vous \u00eates oppos\u00e9 au traitement sur la base de nos int\u00e9r\u00eats l\u00e9gitimes, nous devons v\u00e9rifier pendant cette p\u00e9riode si nos motifs l\u00e9gitimes l&#8217;emportent sur vos motifs l\u00e9gitimes.\u00a0<\/span><\/li>\n<\/ul>\n<ul>\n<li style=\"font-weight: 400;\" aria-level=\"1\"><span style=\"font-weight: 400;\">Vous avez le droit de vous opposer \u00e0 tout traitement \u00e0 des fins de marketing direct.\u00a0<\/span><\/li>\n<li style=\"font-weight: 400;\" aria-level=\"1\"><span style=\"font-weight: 400;\">Vous avez le droit de vous opposer \u00e0 tout traitement fond\u00e9 sur notre int\u00e9r\u00eat l\u00e9gitime. Toutefois, nous continuerons le traitement de vos donn\u00e9es personnelles si nous d\u00e9montrons que nous avons des motifs l\u00e9gitimes pour le traitement de vos donn\u00e9es personnelles qui l&#8217;emportent sur vos int\u00e9r\u00eats, vos droits et vos libert\u00e9s.\u00a0<\/span><\/li>\n<li style=\"font-weight: 400;\" aria-level=\"1\"><span style=\"font-weight: 400;\">Vous avez le droit de demander la portabilit\u00e9 de vos donn\u00e9es personnelles trait\u00e9es par des moyens automatis\u00e9s, que vous nous avez communiqu\u00e9es dans le cadre d&rsquo;un traitement bas\u00e9 sur l&rsquo;ex\u00e9cution du contrat.<\/span><\/li>\n<li style=\"font-weight: 400;\" aria-level=\"1\">Vous pouvez exercer ces droits en nous contactant \u00e0 l&rsquo;adresse indiqu\u00e9e dans la section \u00a0\u00bb Qui traite vos donn\u00e9es personnelles \u00a0\u00bb ou en contactant notre responsable de la protection des donn\u00e9es (\u00a0\u00bb Coordonn\u00e9es de notre responsable de la protection des donn\u00e9es \u00ab\u00a0).<\/li>\n<li style=\"font-weight: 400;\" aria-level=\"1\">Vous avez \u00e9galement le droit de d\u00e9poser une plainte aupr\u00e8s de l&rsquo;autorit\u00e9 de contr\u00f4le de l&rsquo;\u00c9tat membre europ\u00e9en de votre r\u00e9sidence habituelle, de votre lieu de travail ou de la violation all\u00e9gu\u00e9e de la l\u00e9gislation applicable en mati\u00e8re de protection des donn\u00e9es.<\/li>\n<\/ul>\n<p><b>Autorit\u00e9 de surveillance belge<\/b><\/p>\n<p><span style=\"font-weight: 400;\">En Belgique, l&rsquo;autorit\u00e9 de contr\u00f4le est l\u2019Autorit\u00e9 de protection des donn\u00e9es, Drukpersstraat 35, 1000 Bruxelles, <\/span><a href=\"mailto:contact@apd-gba.be\"><span style=\"font-weight: 400;\">contact@apd-gba.be<\/span><\/a><span style=\"font-weight: 400;\">,\u00a0 <\/span><a href=\"https:\/\/www.autoriteprotectiondonnees.be\"><span style=\"font-weight: 400;\">https:\/\/www.autoriteprotectiondonnees.be<\/span><\/a><span style=\"font-weight: 400;\"> .<\/span>[\/et_pb_text][\/et_pb_column][\/et_pb_row][\/et_pb_section]<\/p>\n","protected":false},"excerpt":{"rendered":"<p>Politique de protectionCette politique s&rsquo;applique aux donn\u00e9es personnelles que nous traitons \u00e0 votre sujet en tant que personne physique lorsque vous utilisez nos services et\/ou nos produits ou lorsque vous visitez notre site internet. Cette politique ne s&rsquo;applique pas si nous traitons des donn\u00e9es anonymes ou commerciales.\u00a0 Nous sommes EuroFleet Consult NV\/SA avec si\u00e8ge social [&hellip;]<\/p>\n","protected":false},"author":1,"featured_media":0,"parent":0,"menu_order":0,"comment_status":"closed","ping_status":"closed","template":"","meta":{"_et_pb_use_builder":"on","_et_pb_old_content":"","_et_gb_content_width":"","footnotes":""},"dipi_cpt_category":[],"class_list":["post-257827","page","type-page","status-publish","hentry"],"yoast_head":"<!-- This site is optimized with the Yoast SEO plugin v27.3 - https:\/\/yoast.com\/product\/yoast-seo-wordpress\/ -->\n<title>Politique de protection - Car Cost Advisor<\/title>\n<meta name=\"robots\" content=\"index, follow, max-snippet:-1, max-image-preview:large, max-video-preview:-1\" \/>\n<link rel=\"canonical\" href=\"https:\/\/carcostadvisor.com\/fr\/politique-de-protection\/\" \/>\n<meta property=\"og:locale\" content=\"fr_FR\" \/>\n<meta property=\"og:type\" content=\"article\" \/>\n<meta property=\"og:title\" content=\"Politique de protection - Car Cost Advisor\" \/>\n<meta property=\"og:description\" content=\"Politique de protectionCette politique s&#039;applique aux donn\u00e9es personnelles que nous traitons \u00e0 votre sujet en tant que personne physique lorsque vous utilisez nos services et\/ou nos produits ou lorsque vous visitez notre site internet. Cette politique ne s&#039;applique pas si nous traitons des donn\u00e9es anonymes ou commerciales.\u00a0 Nous sommes EuroFleet Consult NV\/SA avec si\u00e8ge social [&hellip;]\" \/>\n<meta property=\"og:url\" content=\"https:\/\/carcostadvisor.com\/fr\/politique-de-protection\/\" \/>\n<meta property=\"og:site_name\" content=\"Car Cost Advisor\" \/>\n<meta property=\"article:modified_time\" content=\"2022-06-01T09:15:16+00:00\" \/>\n<meta name=\"twitter:card\" content=\"summary_large_image\" \/>\n<meta name=\"twitter:label1\" content=\"Dur\u00e9e de lecture estim\u00e9e\" \/>\n\t<meta name=\"twitter:data1\" content=\"12 minutes\" \/>\n<script type=\"application\/ld+json\" class=\"yoast-schema-graph\">{\"@context\":\"https:\\\/\\\/schema.org\",\"@graph\":[{\"@type\":\"WebPage\",\"@id\":\"https:\\\/\\\/carcostadvisor.com\\\/fr\\\/politique-de-protection\\\/\",\"url\":\"https:\\\/\\\/carcostadvisor.com\\\/fr\\\/politique-de-protection\\\/\",\"name\":\"Politique de protection - Car Cost Advisor\",\"isPartOf\":{\"@id\":\"https:\\\/\\\/carcostadvisor.com\\\/fr\\\/#website\"},\"datePublished\":\"2022-06-01T09:15:15+00:00\",\"dateModified\":\"2022-06-01T09:15:16+00:00\",\"breadcrumb\":{\"@id\":\"https:\\\/\\\/carcostadvisor.com\\\/fr\\\/politique-de-protection\\\/#breadcrumb\"},\"inLanguage\":\"fr-FR\",\"potentialAction\":[{\"@type\":\"ReadAction\",\"target\":[\"https:\\\/\\\/carcostadvisor.com\\\/fr\\\/politique-de-protection\\\/\"]}]},{\"@type\":\"BreadcrumbList\",\"@id\":\"https:\\\/\\\/carcostadvisor.com\\\/fr\\\/politique-de-protection\\\/#breadcrumb\",\"itemListElement\":[{\"@type\":\"ListItem\",\"position\":1,\"name\":\"Home\",\"item\":\"https:\\\/\\\/carcostadvisor.com\\\/fr\\\/\"},{\"@type\":\"ListItem\",\"position\":2,\"name\":\"Politique de protection\"}]},{\"@type\":\"WebSite\",\"@id\":\"https:\\\/\\\/carcostadvisor.com\\\/fr\\\/#website\",\"url\":\"https:\\\/\\\/carcostadvisor.com\\\/fr\\\/\",\"name\":\"Car Cost Advisor\",\"description\":\"En nog een WordPress site\",\"publisher\":{\"@id\":\"https:\\\/\\\/carcostadvisor.com\\\/fr\\\/#organization\"},\"potentialAction\":[{\"@type\":\"SearchAction\",\"target\":{\"@type\":\"EntryPoint\",\"urlTemplate\":\"https:\\\/\\\/carcostadvisor.com\\\/fr\\\/?s={search_term_string}\"},\"query-input\":{\"@type\":\"PropertyValueSpecification\",\"valueRequired\":true,\"valueName\":\"search_term_string\"}}],\"inLanguage\":\"fr-FR\"},{\"@type\":\"Organization\",\"@id\":\"https:\\\/\\\/carcostadvisor.com\\\/fr\\\/#organization\",\"name\":\"Car Cost Advisor\",\"url\":\"https:\\\/\\\/carcostadvisor.com\\\/fr\\\/\",\"logo\":{\"@type\":\"ImageObject\",\"inLanguage\":\"fr-FR\",\"@id\":\"https:\\\/\\\/carcostadvisor.com\\\/fr\\\/#\\\/schema\\\/logo\\\/image\\\/\",\"url\":\"https:\\\/\\\/carcostadvisor.com\\\/wp-content\\\/uploads\\\/2020\\\/01\\\/cca-logo-big.png\",\"contentUrl\":\"https:\\\/\\\/carcostadvisor.com\\\/wp-content\\\/uploads\\\/2020\\\/01\\\/cca-logo-big.png\",\"width\":558,\"height\":558,\"caption\":\"Car Cost Advisor\"},\"image\":{\"@id\":\"https:\\\/\\\/carcostadvisor.com\\\/fr\\\/#\\\/schema\\\/logo\\\/image\\\/\"}}]}<\/script>\n<!-- \/ Yoast SEO plugin. -->","yoast_head_json":{"title":"Politique de protection - Car Cost Advisor","robots":{"index":"index","follow":"follow","max-snippet":"max-snippet:-1","max-image-preview":"max-image-preview:large","max-video-preview":"max-video-preview:-1"},"canonical":"https:\/\/carcostadvisor.com\/fr\/politique-de-protection\/","og_locale":"fr_FR","og_type":"article","og_title":"Politique de protection - Car Cost Advisor","og_description":"Politique de protectionCette politique s'applique aux donn\u00e9es personnelles que nous traitons \u00e0 votre sujet en tant que personne physique lorsque vous utilisez nos services et\/ou nos produits ou lorsque vous visitez notre site internet. Cette politique ne s'applique pas si nous traitons des donn\u00e9es anonymes ou commerciales.\u00a0 Nous sommes EuroFleet Consult NV\/SA avec si\u00e8ge social [&hellip;]","og_url":"https:\/\/carcostadvisor.com\/fr\/politique-de-protection\/","og_site_name":"Car Cost Advisor","article_modified_time":"2022-06-01T09:15:16+00:00","twitter_card":"summary_large_image","twitter_misc":{"Dur\u00e9e de lecture estim\u00e9e":"12 minutes"},"schema":{"@context":"https:\/\/schema.org","@graph":[{"@type":"WebPage","@id":"https:\/\/carcostadvisor.com\/fr\/politique-de-protection\/","url":"https:\/\/carcostadvisor.com\/fr\/politique-de-protection\/","name":"Politique de protection - Car Cost Advisor","isPartOf":{"@id":"https:\/\/carcostadvisor.com\/fr\/#website"},"datePublished":"2022-06-01T09:15:15+00:00","dateModified":"2022-06-01T09:15:16+00:00","breadcrumb":{"@id":"https:\/\/carcostadvisor.com\/fr\/politique-de-protection\/#breadcrumb"},"inLanguage":"fr-FR","potentialAction":[{"@type":"ReadAction","target":["https:\/\/carcostadvisor.com\/fr\/politique-de-protection\/"]}]},{"@type":"BreadcrumbList","@id":"https:\/\/carcostadvisor.com\/fr\/politique-de-protection\/#breadcrumb","itemListElement":[{"@type":"ListItem","position":1,"name":"Home","item":"https:\/\/carcostadvisor.com\/fr\/"},{"@type":"ListItem","position":2,"name":"Politique de protection"}]},{"@type":"WebSite","@id":"https:\/\/carcostadvisor.com\/fr\/#website","url":"https:\/\/carcostadvisor.com\/fr\/","name":"Car Cost Advisor","description":"En nog een WordPress site","publisher":{"@id":"https:\/\/carcostadvisor.com\/fr\/#organization"},"potentialAction":[{"@type":"SearchAction","target":{"@type":"EntryPoint","urlTemplate":"https:\/\/carcostadvisor.com\/fr\/?s={search_term_string}"},"query-input":{"@type":"PropertyValueSpecification","valueRequired":true,"valueName":"search_term_string"}}],"inLanguage":"fr-FR"},{"@type":"Organization","@id":"https:\/\/carcostadvisor.com\/fr\/#organization","name":"Car Cost Advisor","url":"https:\/\/carcostadvisor.com\/fr\/","logo":{"@type":"ImageObject","inLanguage":"fr-FR","@id":"https:\/\/carcostadvisor.com\/fr\/#\/schema\/logo\/image\/","url":"https:\/\/carcostadvisor.com\/wp-content\/uploads\/2020\/01\/cca-logo-big.png","contentUrl":"https:\/\/carcostadvisor.com\/wp-content\/uploads\/2020\/01\/cca-logo-big.png","width":558,"height":558,"caption":"Car Cost Advisor"},"image":{"@id":"https:\/\/carcostadvisor.com\/fr\/#\/schema\/logo\/image\/"}}]}},"_links":{"self":[{"href":"https:\/\/carcostadvisor.com\/fr\/wp-json\/wp\/v2\/pages\/257827","targetHints":{"allow":["GET"]}}],"collection":[{"href":"https:\/\/carcostadvisor.com\/fr\/wp-json\/wp\/v2\/pages"}],"about":[{"href":"https:\/\/carcostadvisor.com\/fr\/wp-json\/wp\/v2\/types\/page"}],"author":[{"embeddable":true,"href":"https:\/\/carcostadvisor.com\/fr\/wp-json\/wp\/v2\/users\/1"}],"replies":[{"embeddable":true,"href":"https:\/\/carcostadvisor.com\/fr\/wp-json\/wp\/v2\/comments?post=257827"}],"version-history":[{"count":2,"href":"https:\/\/carcostadvisor.com\/fr\/wp-json\/wp\/v2\/pages\/257827\/revisions"}],"predecessor-version":[{"id":257829,"href":"https:\/\/carcostadvisor.com\/fr\/wp-json\/wp\/v2\/pages\/257827\/revisions\/257829"}],"wp:attachment":[{"href":"https:\/\/carcostadvisor.com\/fr\/wp-json\/wp\/v2\/media?parent=257827"}],"wp:term":[{"taxonomy":"dipi_cpt_category","embeddable":true,"href":"https:\/\/carcostadvisor.com\/fr\/wp-json\/wp\/v2\/dipi_cpt_category?post=257827"}],"curies":[{"name":"wp","href":"https:\/\/api.w.org\/{rel}","templated":true}]}}